{"version":"1.0","provider_name":"J\u00e4rvenp\u00e4\u00e4n Seudun Nuorkauppakamari","provider_url":"https:\/\/jcjarvenpaa.fi\/en","author_name":"juho.pyorny@jci.fi","author_url":"https:\/\/jcjarvenpaa.fi\/en\/author\/juho-pyornyjci-fi\/","title":"JNSKK x J\u00e4rvenp\u00e4\u00e4: Kaupunkikehitysilta ke 4.2.2026 - J\u00e4rvenp\u00e4\u00e4n Seudun Nuorkauppakamari","type":"rich","width":600,"height":338,"html":"<blockquote class=\"wp-embedded-content\" data-secret=\"FhC4WBqyga\"><a href=\"https:\/\/jcjarvenpaa.fi\/en\/2026\/01\/12\/kaupunkikehitysilta-ke-4-2\/\">JNSKK x J\u00e4rvenp\u00e4\u00e4: Kaupunkikehitysilta ke 4.2.2026<\/a><\/blockquote><iframe sandbox=\"allow-scripts\" security=\"restricted\" src=\"https:\/\/jcjarvenpaa.fi\/en\/2026\/01\/12\/kaupunkikehitysilta-ke-4-2\/embed\/#?secret=FhC4WBqyga\" width=\"600\" height=\"338\" title=\"&#8220;JNSKK x J\u00e4rvenp\u00e4\u00e4: Kaupunkikehitysilta ke 4.2.2026&#8221; &#8212; J\u00e4rvenp\u00e4\u00e4n Seudun Nuorkauppakamari\" data-secret=\"FhC4WBqyga\" frameborder=\"0\" marginwidth=\"0\" marginheight=\"0\" scrolling=\"no\" class=\"wp-embedded-content\"><\/iframe><script>\n\/*! This file is auto-generated *\/\n!function(d,l){\"use strict\";l.querySelector&&d.addEventListener&&\"undefined\"!=typeof URL&&(d.wp=d.wp||{},d.wp.receiveEmbedMessage||(d.wp.receiveEmbedMessage=function(e){var t=e.data;if((t||t.secret||t.message||t.value)&&!\/[^a-zA-Z0-9]\/.test(t.secret)){for(var s,r,n,a=l.querySelectorAll('iframe[data-secret=\"'+t.secret+'\"]'),o=l.querySelectorAll('blockquote[data-secret=\"'+t.secret+'\"]'),c=new RegExp(\"^https?:$\",\"i\"),i=0;i<o.length;i++)o[i].style.display=\"none\";for(i=0;i<a.length;i++)s=a[i],e.source===s.contentWindow&&(s.removeAttribute(\"style\"),\"height\"===t.message?(1e3<(r=parseInt(t.value,10))?r=1e3:~~r<200&&(r=200),s.height=r):\"link\"===t.message&&(r=new URL(s.getAttribute(\"src\")),n=new URL(t.value),c.test(n.protocol))&&n.host===r.host&&l.activeElement===s&&(d.top.location.href=t.value))}},d.addEventListener(\"message\",d.wp.receiveEmbedMessage,!1),l.addEventListener(\"DOMContentLoaded\",function(){for(var e,t,s=l.querySelectorAll(\"iframe.wp-embedded-content\"),r=0;r<s.length;r++)(t=(e=s[r]).getAttribute(\"data-secret\"))||(t=Math.random().toString(36).substring(2,12),e.src+=\"#?secret=\"+t,e.setAttribute(\"data-secret\",t)),e.contentWindow.postMessage({message:\"ready\",secret:t},\"*\")},!1)))}(window,document);\n<\/script>","thumbnail_url":"http:\/\/jcjarvenpaa.fi\/wp-content\/uploads\/2026\/01\/kehittyvajarvenpaa.jpg","thumbnail_width":1024,"thumbnail_height":683,"description":"Tervetuloa J\u00e4rvenp\u00e4\u00e4n Seudun Nuorkauppakamarin j\u00e4rjest\u00e4m\u00e4\u00e4n kaupunkikehitysiltaan keskiviikkona 4.2. klo 17-18.30. Illan aikana kuullaan, mitk\u00e4 ovat J\u00e4rvenp\u00e4\u00e4n ajankohtaisimmat kaupunkikehitt\u00e4mishankkeet, minne kaupunki kasvaa tulevaisuudessa ja mit\u00e4 kaupunkikehitt\u00e4minen ylip\u00e4\u00e4t\u00e4\u00e4n tarkoittaa. Hankkeista kertoo J\u00e4rvenp\u00e4\u00e4n maank\u00e4ytt\u00f6johtaja Juhana Hiironen ja iltaa em\u00e4nn\u00f6i Salla Niemel\u00e4. Esittelyn ohella aikaa on varattu kysymyksille ja keskustelulle. Aika: 4.2. klo 17-18.30Paikka: Bulevardikortteli, Sibeliuksenkatu 8, 8. krsKenelle: [&hellip;]"}