{"version":"1.0","provider_name":"J\u00e4rvenp\u00e4\u00e4n Seudun Nuorkauppakamari","provider_url":"https:\/\/jcjarvenpaa.fi\/en","author_name":"Salla","author_url":"https:\/\/jcjarvenpaa.fi\/en\/author\/salla\/","title":"JSNKK:n tinajuhlia vietettiin 8.12. - J\u00e4rvenp\u00e4\u00e4n Seudun Nuorkauppakamari","type":"rich","width":600,"height":338,"html":"<blockquote class=\"wp-embedded-content\" data-secret=\"UMDLofkeeo\"><a href=\"https:\/\/jcjarvenpaa.fi\/en\/2023\/12\/09\/jsnkkn-tinajuhlia-vietettiin-8-12\/\">JSNKK:n tinajuhlia vietettiin 8.12.<\/a><\/blockquote><iframe sandbox=\"allow-scripts\" security=\"restricted\" src=\"https:\/\/jcjarvenpaa.fi\/en\/2023\/12\/09\/jsnkkn-tinajuhlia-vietettiin-8-12\/embed\/#?secret=UMDLofkeeo\" width=\"600\" height=\"338\" title=\"&#8220;JSNKK:n tinajuhlia vietettiin 8.12.&#8221; &#8212; J\u00e4rvenp\u00e4\u00e4n Seudun Nuorkauppakamari\" data-secret=\"UMDLofkeeo\" frameborder=\"0\" marginwidth=\"0\" marginheight=\"0\" scrolling=\"no\" class=\"wp-embedded-content\"><\/iframe><script>\n\/*! This file is auto-generated *\/\n!function(d,l){\"use strict\";l.querySelector&&d.addEventListener&&\"undefined\"!=typeof URL&&(d.wp=d.wp||{},d.wp.receiveEmbedMessage||(d.wp.receiveEmbedMessage=function(e){var t=e.data;if((t||t.secret||t.message||t.value)&&!\/[^a-zA-Z0-9]\/.test(t.secret)){for(var s,r,n,a=l.querySelectorAll('iframe[data-secret=\"'+t.secret+'\"]'),o=l.querySelectorAll('blockquote[data-secret=\"'+t.secret+'\"]'),c=new RegExp(\"^https?:$\",\"i\"),i=0;i<o.length;i++)o[i].style.display=\"none\";for(i=0;i<a.length;i++)s=a[i],e.source===s.contentWindow&&(s.removeAttribute(\"style\"),\"height\"===t.message?(1e3<(r=parseInt(t.value,10))?r=1e3:~~r<200&&(r=200),s.height=r):\"link\"===t.message&&(r=new URL(s.getAttribute(\"src\")),n=new URL(t.value),c.test(n.protocol))&&n.host===r.host&&l.activeElement===s&&(d.top.location.href=t.value))}},d.addEventListener(\"message\",d.wp.receiveEmbedMessage,!1),l.addEventListener(\"DOMContentLoaded\",function(){for(var e,t,s=l.querySelectorAll(\"iframe.wp-embedded-content\"),r=0;r<s.length;r++)(t=(e=s[r]).getAttribute(\"data-secret\"))||(t=Math.random().toString(36).substring(2,12),e.src+=\"#?secret=\"+t,e.setAttribute(\"data-secret\",t)),e.contentWindow.postMessage({message:\"ready\",secret:t},\"*\")},!1)))}(window,document);\n<\/script>","thumbnail_url":"http:\/\/jcjarvenpaa.fi\/wp-content\/uploads\/2023\/12\/Kaatyjen-vaihto-e1702131475254.jpg","thumbnail_width":900,"thumbnail_height":1600,"description":"Kamarivuoden p\u00e4\u00e4t\u00f6sjuhlia meille tutummin tinajuhlia vietettiin taas. Illan kohokohta oli k\u00e4\u00e4tyjen vaihto. Vuoden 2023 puheenjohtaja Mikko L\u00e4hteel\u00e4 luovutti perinteisin seremonioin k\u00e4\u00e4dyt seuraajalleen Jere Haavistolle! Nyt voi sanoa, ett\u00e4 ensi vuosi alkoi virallisesti painamaan uuden pj:n harteilla. Illan aikana palkittiin my\u00f6s vuoden aikana ansioituneita kamarilaisia. Palkitut: Vuoden kansainv\u00e4lisin Ellen Vikman Vuoden positiivisin Jere Haavisto Tahto Salla [&hellip;]"}